{"id":46488,"date":"2017-09-04T10:32:48","date_gmt":"2017-09-04T10:32:48","guid":{"rendered":"http:\/\/alexnabytek.cz\/skolninabytek\/?page_id=46488"},"modified":"2025-03-28T16:08:24","modified_gmt":"2025-03-28T16:08:24","slug":"skolni-stoly-lavice-zidle-s-nastavitelnou-vyskou","status":"publish","type":"page","link":"https:\/\/alexnabytek.cz\/skolninabytek\/kategorie\/skolni-stoly-lavice-zidle-s-nastavitelnou-vyskou\/","title":{"rendered":"\u0160koln\u00ed stoly (lavice) a&nbsp;\u017eidle s&nbsp;nastavitelnou v\u00fd\u0161kou"},"content":{"rendered":"\r\n\t<li class=\"portfolio_item isotope-item\"><div class=\"portfolio_item_holder\"><figure class=\"thumbnail thumbnail__portfolio\"><a href=\"https:\/\/alexnabytek.cz\/skolninabytek\/kategorie\/skolni-stoly-lavice-zidle-s-nastavitelnou-vyskou\/nabytkova-rada-flex-justy\/\" class=\"image-wrap\"><img decoding=\"async\" src=\"https:\/\/alexnabytek.cz\/skolninabytek\/wp-content\/uploads\/2021\/03\/Kategoria_kepek_800x5603.jpg\" alt=\"Flex Justy\"><\/a><\/figure><div class=\"caption caption__portfolio\"><h3><a href=\"https:\/\/alexnabytek.cz\/skolninabytek\/kategorie\/skolni-stoly-lavice-zidle-s-nastavitelnou-vyskou\/nabytkova-rada-flex-justy\/\">Flex Justy<\/a><\/h3><\/div><\/div><\/li>\n\r\n\t<li class=\"portfolio_item isotope-item\"><div class=\"portfolio_item_holder\"><figure class=\"thumbnail thumbnail__portfolio\"><a href=\"https:\/\/alexnabytek.cz\/skolninabytek\/kategorie\/skolni-stoly-lavice-zidle-s-nastavitelnou-vyskou\/nabytkova-rada-natasa\/\" class=\"image-wrap\"><img decoding=\"async\" src=\"https:\/\/alexnabytek.cz\/skolninabytek\/wp-content\/uploads\/2017\/09\/Iskolabutor_03_02_Natasa_butorcsalad.jpg\" alt=\"NATA\u0160A\"><\/a><\/figure><div class=\"caption caption__portfolio\"><h3><a href=\"https:\/\/alexnabytek.cz\/skolninabytek\/kategorie\/skolni-stoly-lavice-zidle-s-nastavitelnou-vyskou\/nabytkova-rada-natasa\/\">NATA\u0160A<\/a><\/h3><\/div><\/div><\/li>\n\r\n\t<li class=\"portfolio_item isotope-item\"><div class=\"portfolio_item_holder\"><figure class=\"thumbnail thumbnail__portfolio\"><a href=\"https:\/\/alexnabytek.cz\/skolninabytek\/kategorie\/skolni-stoly-lavice-zidle-s-nastavitelnou-vyskou\/nabytkova-rada-kex\/\" class=\"image-wrap\"><img decoding=\"async\" src=\"https:\/\/alexnabytek.cz\/skolninabytek\/wp-content\/uploads\/2017\/09\/KEX_800x560_kategoria_kep.jpg\" alt=\"KEX\"><\/a><\/figure><div class=\"caption caption__portfolio\"><h3><a href=\"https:\/\/alexnabytek.cz\/skolninabytek\/kategorie\/skolni-stoly-lavice-zidle-s-nastavitelnou-vyskou\/nabytkova-rada-kex\/\">KEX<\/a><\/h3><\/div><\/div><\/li>\n\r\n\t<li class=\"portfolio_item isotope-item\"><div class=\"portfolio_item_holder\"><figure class=\"thumbnail thumbnail__portfolio\"><a href=\"https:\/\/alexnabytek.cz\/skolninabytek\/kategorie\/skolni-stoly-lavice-zidle-s-nastavitelnou-vyskou\/bezbarierovy-nabytek\/\" class=\"image-wrap\"><img decoding=\"async\" src=\"https:\/\/alexnabytek.cz\/skolninabytek\/wp-content\/uploads\/2021\/03\/Kategoria_kepek_800x5604.jpg\" alt=\"Bezbari\u00e9rov\u00fd n\u00e1bytek\"><\/a><\/figure><div class=\"caption caption__portfolio\"><h3><a href=\"https:\/\/alexnabytek.cz\/skolninabytek\/kategorie\/skolni-stoly-lavice-zidle-s-nastavitelnou-vyskou\/bezbarierovy-nabytek\/\">Bezbari\u00e9rov\u00fd n\u00e1bytek<\/a><\/h3><\/div><\/div><\/li>\n\r\n\t<li class=\"portfolio_item isotope-item\"><div class=\"portfolio_item_holder\"><figure class=\"thumbnail thumbnail__portfolio\"><a href=\"https:\/\/alexnabytek.cz\/skolninabytek\/kategorie\/skolni-stoly-lavice-zidle-s-nastavitelnou-vyskou\/lichobeznikove-stoly-justy\/\" class=\"image-wrap\"><img decoding=\"async\" src=\"https:\/\/alexnabytek.cz\/skolninabytek\/wp-content\/uploads\/2025\/03\/Lichobeznikovy-stul.jpg\" alt=\"Lichob\u011b\u017en\u00edkov\u00e9 stoly Justy\"><\/a><\/figure><div class=\"caption caption__portfolio\"><h3><a href=\"https:\/\/alexnabytek.cz\/skolninabytek\/kategorie\/skolni-stoly-lavice-zidle-s-nastavitelnou-vyskou\/lichobeznikove-stoly-justy\/\">Lichob\u011b\u017en\u00edkov\u00e9 stoly Justy (10)<\/a><\/h3><\/div><\/div><\/li>\n","protected":false},"excerpt":{"rendered":"","protected":false},"author":3,"featured_media":0,"parent":19,"menu_order":0,"comment_status":"closed","ping_status":"closed","template":"page-Portfolio4Cols-alexsub.php","meta":{"footnotes":""},"class_list":["post-46488","page","type-page","status-publish","hentry"],"yoast_head":"<!-- This site is optimized with the Yoast SEO plugin v24.6 - https:\/\/yoast.com\/wordpress\/plugins\/seo\/ -->\n<title>\u0160koln\u00ed stoly (lavice) a&nbsp;\u017eidle s&nbsp;nastavitelnou v\u00fd\u0161kou - \u0160KOLN\u00cd N\u00c1BYTEK<\/title>\n<meta name=\"robots\" content=\"index, follow, max-snippet:-1, max-image-preview:large, max-video-preview:-1\" \/>\n<link rel=\"canonical\" href=\"https:\/\/alexnabytek.cz\/skolninabytek\/kategorie\/skolni-stoly-lavice-zidle-s-nastavitelnou-vyskou\/\" \/>\n<meta property=\"og:locale\" content=\"cs_CZ\" \/>\n<meta property=\"og:type\" content=\"article\" \/>\n<meta property=\"og:title\" content=\"\u0160koln\u00ed stoly (lavice) a&nbsp;\u017eidle s&nbsp;nastavitelnou v\u00fd\u0161kou - \u0160KOLN\u00cd N\u00c1BYTEK\" \/>\n<meta property=\"og:url\" content=\"https:\/\/alexnabytek.cz\/skolninabytek\/kategorie\/skolni-stoly-lavice-zidle-s-nastavitelnou-vyskou\/\" \/>\n<meta property=\"og:site_name\" content=\"\u0160KOLN\u00cd N\u00c1BYTEK\" \/>\n<meta property=\"article:modified_time\" content=\"2025-03-28T16:08:24+00:00\" \/>\n<meta name=\"twitter:card\" content=\"summary_large_image\" \/>\n<meta name=\"twitter:label1\" content=\"Est. reading time\" \/>\n\t<meta name=\"twitter:data1\" content=\"1 minute\" \/>\n<script type=\"application\/ld+json\" class=\"yoast-schema-graph\">{\"@context\":\"https:\/\/schema.org\",\"@graph\":[{\"@type\":\"WebPage\",\"@id\":\"https:\/\/alexnabytek.cz\/skolninabytek\/kategorie\/skolni-stoly-lavice-zidle-s-nastavitelnou-vyskou\/\",\"url\":\"https:\/\/alexnabytek.cz\/skolninabytek\/kategorie\/skolni-stoly-lavice-zidle-s-nastavitelnou-vyskou\/\",\"name\":\"\u0160koln\u00ed stoly (lavice) a&nbsp;\u017eidle s&nbsp;nastavitelnou v\u00fd\u0161kou - \u0160KOLN\u00cd N\u00c1BYTEK\",\"isPartOf\":{\"@id\":\"https:\/\/alexnabytek.cz\/skolninabytek\/#website\"},\"datePublished\":\"2017-09-04T10:32:48+00:00\",\"dateModified\":\"2025-03-28T16:08:24+00:00\",\"breadcrumb\":{\"@id\":\"https:\/\/alexnabytek.cz\/skolninabytek\/kategorie\/skolni-stoly-lavice-zidle-s-nastavitelnou-vyskou\/#breadcrumb\"},\"inLanguage\":\"en-US\",\"potentialAction\":[{\"@type\":\"ReadAction\",\"target\":[\"https:\/\/alexnabytek.cz\/skolninabytek\/kategorie\/skolni-stoly-lavice-zidle-s-nastavitelnou-vyskou\/\"]}]},{\"@type\":\"BreadcrumbList\",\"@id\":\"https:\/\/alexnabytek.cz\/skolninabytek\/kategorie\/skolni-stoly-lavice-zidle-s-nastavitelnou-vyskou\/#breadcrumb\",\"itemListElement\":[{\"@type\":\"ListItem\",\"position\":1,\"name\":\"Home\",\"item\":\"https:\/\/alexnabytek.cz\/skolninabytek\/\"},{\"@type\":\"ListItem\",\"position\":2,\"name\":\"Produkty\",\"item\":\"https:\/\/alexnabytek.cz\/skolninabytek\/kategorie\/\"},{\"@type\":\"ListItem\",\"position\":3,\"name\":\"\u0160koln\u00ed stoly (lavice) a&nbsp;\u017eidle s&nbsp;nastavitelnou v\u00fd\u0161kou\"}]},{\"@type\":\"WebSite\",\"@id\":\"https:\/\/alexnabytek.cz\/skolninabytek\/#website\",\"url\":\"https:\/\/alexnabytek.cz\/skolninabytek\/\",\"name\":\"\u0160KOLN\u00cd N\u00c1BYTEK\",\"description\":\"Alex kovov\u00fd a \u0161koln\u00ed n\u00e1bytek s.r.o\",\"potentialAction\":[{\"@type\":\"SearchAction\",\"target\":{\"@type\":\"EntryPoint\",\"urlTemplate\":\"https:\/\/alexnabytek.cz\/skolninabytek\/?s={search_term_string}\"},\"query-input\":{\"@type\":\"PropertyValueSpecification\",\"valueRequired\":true,\"valueName\":\"search_term_string\"}}],\"inLanguage\":\"en-US\"}]}<\/script>\n<!-- \/ Yoast SEO plugin. -->","yoast_head_json":{"title":"\u0160koln\u00ed stoly (lavice) a&nbsp;\u017eidle s&nbsp;nastavitelnou v\u00fd\u0161kou - \u0160KOLN\u00cd N\u00c1BYTEK","robots":{"index":"index","follow":"follow","max-snippet":"max-snippet:-1","max-image-preview":"max-image-preview:large","max-video-preview":"max-video-preview:-1"},"canonical":"https:\/\/alexnabytek.cz\/skolninabytek\/kategorie\/skolni-stoly-lavice-zidle-s-nastavitelnou-vyskou\/","og_locale":"cs_CZ","og_type":"article","og_title":"\u0160koln\u00ed stoly (lavice) a&nbsp;\u017eidle s&nbsp;nastavitelnou v\u00fd\u0161kou - \u0160KOLN\u00cd N\u00c1BYTEK","og_url":"https:\/\/alexnabytek.cz\/skolninabytek\/kategorie\/skolni-stoly-lavice-zidle-s-nastavitelnou-vyskou\/","og_site_name":"\u0160KOLN\u00cd N\u00c1BYTEK","article_modified_time":"2025-03-28T16:08:24+00:00","twitter_card":"summary_large_image","twitter_misc":{"Est. reading time":"1 minute"},"schema":{"@context":"https:\/\/schema.org","@graph":[{"@type":"WebPage","@id":"https:\/\/alexnabytek.cz\/skolninabytek\/kategorie\/skolni-stoly-lavice-zidle-s-nastavitelnou-vyskou\/","url":"https:\/\/alexnabytek.cz\/skolninabytek\/kategorie\/skolni-stoly-lavice-zidle-s-nastavitelnou-vyskou\/","name":"\u0160koln\u00ed stoly (lavice) a&nbsp;\u017eidle s&nbsp;nastavitelnou v\u00fd\u0161kou - \u0160KOLN\u00cd N\u00c1BYTEK","isPartOf":{"@id":"https:\/\/alexnabytek.cz\/skolninabytek\/#website"},"datePublished":"2017-09-04T10:32:48+00:00","dateModified":"2025-03-28T16:08:24+00:00","breadcrumb":{"@id":"https:\/\/alexnabytek.cz\/skolninabytek\/kategorie\/skolni-stoly-lavice-zidle-s-nastavitelnou-vyskou\/#breadcrumb"},"inLanguage":"en-US","potentialAction":[{"@type":"ReadAction","target":["https:\/\/alexnabytek.cz\/skolninabytek\/kategorie\/skolni-stoly-lavice-zidle-s-nastavitelnou-vyskou\/"]}]},{"@type":"BreadcrumbList","@id":"https:\/\/alexnabytek.cz\/skolninabytek\/kategorie\/skolni-stoly-lavice-zidle-s-nastavitelnou-vyskou\/#breadcrumb","itemListElement":[{"@type":"ListItem","position":1,"name":"Home","item":"https:\/\/alexnabytek.cz\/skolninabytek\/"},{"@type":"ListItem","position":2,"name":"Produkty","item":"https:\/\/alexnabytek.cz\/skolninabytek\/kategorie\/"},{"@type":"ListItem","position":3,"name":"\u0160koln\u00ed stoly (lavice) a&nbsp;\u017eidle s&nbsp;nastavitelnou v\u00fd\u0161kou"}]},{"@type":"WebSite","@id":"https:\/\/alexnabytek.cz\/skolninabytek\/#website","url":"https:\/\/alexnabytek.cz\/skolninabytek\/","name":"\u0160KOLN\u00cd N\u00c1BYTEK","description":"Alex kovov\u00fd a \u0161koln\u00ed n\u00e1bytek s.r.o","potentialAction":[{"@type":"SearchAction","target":{"@type":"EntryPoint","urlTemplate":"https:\/\/alexnabytek.cz\/skolninabytek\/?s={search_term_string}"},"query-input":{"@type":"PropertyValueSpecification","valueRequired":true,"valueName":"search_term_string"}}],"inLanguage":"en-US"}]}},"_links":{"self":[{"href":"https:\/\/alexnabytek.cz\/skolninabytek\/wp-json\/wp\/v2\/pages\/46488","targetHints":{"allow":["GET"]}}],"collection":[{"href":"https:\/\/alexnabytek.cz\/skolninabytek\/wp-json\/wp\/v2\/pages"}],"about":[{"href":"https:\/\/alexnabytek.cz\/skolninabytek\/wp-json\/wp\/v2\/types\/page"}],"author":[{"embeddable":true,"href":"https:\/\/alexnabytek.cz\/skolninabytek\/wp-json\/wp\/v2\/users\/3"}],"replies":[{"embeddable":true,"href":"https:\/\/alexnabytek.cz\/skolninabytek\/wp-json\/wp\/v2\/comments?post=46488"}],"version-history":[{"count":8,"href":"https:\/\/alexnabytek.cz\/skolninabytek\/wp-json\/wp\/v2\/pages\/46488\/revisions"}],"predecessor-version":[{"id":75813,"href":"https:\/\/alexnabytek.cz\/skolninabytek\/wp-json\/wp\/v2\/pages\/46488\/revisions\/75813"}],"up":[{"embeddable":true,"href":"https:\/\/alexnabytek.cz\/skolninabytek\/wp-json\/wp\/v2\/pages\/19"}],"wp:attachment":[{"href":"https:\/\/alexnabytek.cz\/skolninabytek\/wp-json\/wp\/v2\/media?parent=46488"}],"curies":[{"name":"wp","href":"https:\/\/api.w.org\/{rel}","templated":true}]}}